{"id":506,"date":"2022-01-01T01:52:31","date_gmt":"2022-01-01T01:52:31","guid":{"rendered":"http:\/\/argotydiazabogados.com\/?page_id=506"},"modified":"2022-02-01T01:55:01","modified_gmt":"2022-02-01T01:55:01","slug":"derecho-laboral-empresarial","status":"publish","type":"page","link":"https:\/\/argotydiazabogados.com\/en\/derecho-laboral-empresarial\/","title":{"rendered":"DERECHO LABORAL &#8211; EMPRESARIAL"},"content":{"rendered":"<div data-elementor-type=\"wp-page\" data-elementor-id=\"506\" class=\"elementor elementor-506\">\n\t\t\t\t\t\t<section class=\"elementor-section elementor-top-section elementor-element elementor-element-bb53943 elementor-section-height-min-height elementor-section-boxed elementor-section-height-default elementor-section-items-middle\" data-id=\"bb53943\" data-element_type=\"section\" data-e-type=\"section\" data-settings=\"{&quot;background_background&quot;:&quot;classic&quot;}\">\n\t\t\t\t\t\t\t<div class=\"elementor-background-overlay\"><\/div>\n\t\t\t\t\t\t\t<div class=\"elementor-container elementor-column-gap-default\">\n\t\t\t\t\t<div class=\"elementor-column elementor-col-100 elementor-top-column elementor-element elementor-element-deee005\" data-id=\"deee005\" data-element_type=\"column\" data-e-type=\"column\">\n\t\t\t<div class=\"elementor-widget-wrap elementor-element-populated\">\n\t\t\t\t\t\t<div class=\"elementor-element elementor-element-3caf3ab elementor-invisible elementor-widget elementor-widget-heading\" data-id=\"3caf3ab\" data-element_type=\"widget\" data-e-type=\"widget\" data-settings=\"{&quot;_animation&quot;:&quot;fadeInLeft&quot;,&quot;_animation_delay&quot;:200}\" data-widget_type=\"heading.default\">\n\t\t\t\t<div class=\"elementor-widget-container\">\n\t\t\t\t\t<p class=\"elementor-heading-title elementor-size-default\">DERECHO LABORAL EMPRESARIAL<\/p>\t\t\t\t<\/div>\n\t\t\t\t<\/div>\n\t\t\t\t\t<\/div>\n\t\t<\/div>\n\t\t\t\t\t<\/div>\n\t\t<\/section>\n\t\t\t\t<section class=\"elementor-section elementor-top-section elementor-element elementor-element-df278ac elementor-section-boxed elementor-section-height-default elementor-section-height-default\" data-id=\"df278ac\" data-element_type=\"section\" data-e-type=\"section\">\n\t\t\t\t\t\t<div class=\"elementor-container elementor-column-gap-default\">\n\t\t\t\t\t<div class=\"elementor-column elementor-col-50 elementor-top-column elementor-element elementor-element-24a7300\" data-id=\"24a7300\" data-element_type=\"column\" data-e-type=\"column\">\n\t\t\t<div class=\"elementor-widget-wrap elementor-element-populated\">\n\t\t\t\t\t\t<div class=\"elementor-element elementor-element-ae66355 elementor-widget elementor-widget-spacer\" data-id=\"ae66355\" data-element_type=\"widget\" data-e-type=\"widget\" data-widget_type=\"spacer.default\">\n\t\t\t\t<div class=\"elementor-widget-container\">\n\t\t\t\t\t\t\t<div class=\"elementor-spacer\">\n\t\t\t<div class=\"elementor-spacer-inner\"><\/div>\n\t\t<\/div>\n\t\t\t\t\t\t<\/div>\n\t\t\t\t<\/div>\n\t\t\t\t<div class=\"elementor-element elementor-element-a0bbdeb elementor-widget elementor-widget-image\" data-id=\"a0bbdeb\" data-element_type=\"widget\" data-e-type=\"widget\" data-widget_type=\"image.default\">\n\t\t\t\t<div class=\"elementor-widget-container\">\n\t\t\t\t\t\t\t\t\t\t\t\t\t\t\t<img fetchpriority=\"high\" decoding=\"async\" width=\"1024\" height=\"683\" src=\"https:\/\/argotydiazabogados.com\/wp-content\/uploads\/2021\/12\/argoty-1024x683.jpg\" class=\"attachment-large size-large wp-image-433\" alt=\"\" srcset=\"https:\/\/argotydiazabogados.com\/wp-content\/uploads\/2021\/12\/argoty-1024x683.jpg 1024w, https:\/\/argotydiazabogados.com\/wp-content\/uploads\/2021\/12\/argoty-300x200.jpg 300w, https:\/\/argotydiazabogados.com\/wp-content\/uploads\/2021\/12\/argoty-768x512.jpg 768w, https:\/\/argotydiazabogados.com\/wp-content\/uploads\/2021\/12\/argoty-930x620.jpg 930w, https:\/\/argotydiazabogados.com\/wp-content\/uploads\/2021\/12\/argoty.jpg 1351w\" sizes=\"(max-width: 1024px) 100vw, 1024px\" \/>\t\t\t\t\t\t\t\t\t\t\t\t\t\t\t<\/div>\n\t\t\t\t<\/div>\n\t\t\t\t<div class=\"elementor-element elementor-element-9e68863 elementor-widget elementor-widget-spacer\" data-id=\"9e68863\" data-element_type=\"widget\" data-e-type=\"widget\" data-widget_type=\"spacer.default\">\n\t\t\t\t<div class=\"elementor-widget-container\">\n\t\t\t\t\t\t\t<div class=\"elementor-spacer\">\n\t\t\t<div class=\"elementor-spacer-inner\"><\/div>\n\t\t<\/div>\n\t\t\t\t\t\t<\/div>\n\t\t\t\t<\/div>\n\t\t\t\t\t<\/div>\n\t\t<\/div>\n\t\t\t\t<div class=\"elementor-column elementor-col-50 elementor-top-column elementor-element elementor-element-a16a573\" data-id=\"a16a573\" data-element_type=\"column\" data-e-type=\"column\">\n\t\t\t<div class=\"elementor-widget-wrap elementor-element-populated\">\n\t\t\t\t\t\t<div class=\"elementor-element elementor-element-676596b elementor-invisible elementor-widget elementor-widget-text-editor\" data-id=\"676596b\" data-element_type=\"widget\" data-e-type=\"widget\" data-settings=\"{&quot;_animation&quot;:&quot;fadeInLeft&quot;,&quot;_animation_delay&quot;:400}\" data-widget_type=\"text-editor.default\">\n\t\t\t\t<div class=\"elementor-widget-container\">\n\t\t\t\t\t\t\t\t\t<h3><strong>Nuestro grupo de trabajo profesional est\u00e1 en la capacidad de asesorar a su empresa en:<\/strong><\/h3>\n<p>\u00a0<\/p>\n<p style=\"text-align: center;\">Estudio y adecuaci\u00f3n modelos de Contratos de trabajo empleados en la compa\u00f1\u00eda.<\/p>\n<p style=\"text-align: center;\">Afiliaci\u00f3n de trabajadores al sistema de seguridad social<\/p>\n<p style=\"text-align: center;\">Revisi\u00f3n y adecuaci\u00f3n del Reglamento Interno de Trabajo y Reglamento de Higiene y Seguridad Industrial.<\/p>\n<p style=\"text-align: center;\">Evaluaci\u00f3n y acompa\u00f1amiento en procesos disciplinarios, conforme a la escala de faltas y sanciones.<\/p>\n<p style=\"text-align: center;\">Elaboraci\u00f3n de proformas; llamados de atenci\u00f3n, diligencia de descargos, cartas de terminaci\u00f3n de contrato, acta entrega de Calzado y Vestido de labor, entre otros.<\/p>\n<p style=\"text-align: center;\">Evaluaci\u00f3n y diagn\u00f3stico de procesos administrativos y judiciales que se surtan en contra de la empresa en materia laboral.<\/p>\n<p style=\"text-align: center;\"><strong>\u00a0<\/strong><\/p>\n<p style=\"text-align: center;\">\u00a0<\/p>\t\t\t\t\t\t\t\t<\/div>\n\t\t\t\t<\/div>\n\t\t\t\t\t<\/div>\n\t\t<\/div>\n\t\t\t\t\t<\/div>\n\t\t<\/section>\n\t\t\t\t<\/div>","protected":false},"excerpt":{"rendered":"<p>DERECHO LABORAL EMPRESARIAL Nuestro grupo de trabajo profesional est\u00e1 en la capacidad de asesorar a su empresa en: \u00a0 Estudio y adecuaci\u00f3n modelos de Contratos de trabajo empleados en la compa\u00f1\u00eda. Afiliaci\u00f3n de trabajadores al sistema de seguridad social Revisi\u00f3n y adecuaci\u00f3n del Reglamento Interno de Trabajo y Reglamento de Higiene y Seguridad Industrial. Evaluaci\u00f3n&hellip;&nbsp;<a href=\"https:\/\/argotydiazabogados.com\/en\/derecho-laboral-empresarial\/\" class=\"\" rel=\"bookmark\">Read More &raquo;<span class=\"screen-reader-text\">DERECHO LABORAL &#8211; EMPRESARIAL<\/span><\/a><\/p>","protected":false},"author":1,"featured_media":0,"parent":0,"menu_order":0,"comment_status":"closed","ping_status":"closed","template":"elementor_header_footer","meta":{"neve_meta_sidebar":"","neve_meta_container":"","neve_meta_enable_content_width":"off","neve_meta_content_width":0,"neve_meta_title_alignment":"","neve_meta_author_avatar":"","neve_post_elements_order":"","neve_meta_disable_header":"","neve_meta_disable_footer":"","neve_meta_disable_title":"","_joinchat":[],"footnotes":""},"class_list":["post-506","page","type-page","status-publish","hentry"],"yoast_head":"<!-- This site is optimized with the Yoast SEO plugin v27.5 - https:\/\/yoast.com\/product\/yoast-seo-wordpress\/ -->\n<title>DERECHO LABORAL - EMPRESARIAL - Argoty Diaz Abogados<\/title>\n<meta name=\"robots\" content=\"index, follow, max-snippet:-1, max-image-preview:large, max-video-preview:-1\" \/>\n<link rel=\"canonical\" href=\"https:\/\/argotydiazabogados.com\/en\/derecho-laboral-empresarial\/\" \/>\n<meta property=\"og:locale\" content=\"en_US\" \/>\n<meta property=\"og:type\" content=\"article\" \/>\n<meta property=\"og:title\" content=\"DERECHO LABORAL - EMPRESARIAL - Argoty Diaz Abogados\" \/>\n<meta property=\"og:description\" content=\"DERECHO LABORAL EMPRESARIAL Nuestro grupo de trabajo profesional est\u00e1 en la capacidad de asesorar a su empresa en: \u00a0 Estudio y adecuaci\u00f3n modelos de Contratos de trabajo empleados en la compa\u00f1\u00eda. Afiliaci\u00f3n de trabajadores al sistema de seguridad social Revisi\u00f3n y adecuaci\u00f3n del Reglamento Interno de Trabajo y Reglamento de Higiene y Seguridad Industrial. Evaluaci\u00f3n&hellip;&nbsp;Read More &raquo;DERECHO LABORAL &#8211; EMPRESARIAL\" \/>\n<meta property=\"og:url\" content=\"https:\/\/argotydiazabogados.com\/en\/derecho-laboral-empresarial\/\" \/>\n<meta property=\"og:site_name\" content=\"Argoty Diaz Abogados\" \/>\n<meta property=\"article:modified_time\" content=\"2022-02-01T01:55:01+00:00\" \/>\n<meta property=\"og:image\" content=\"http:\/\/argotydiazabogados.com\/wp-content\/uploads\/2021\/12\/argoty-1024x683.jpg\" \/>\n<meta name=\"twitter:card\" content=\"summary_large_image\" \/>\n<meta name=\"twitter:label1\" content=\"Est. reading time\" \/>\n\t<meta name=\"twitter:data1\" content=\"1 minute\" \/>\n<script type=\"application\/ld+json\" class=\"yoast-schema-graph\">{\"@context\":\"https:\\\/\\\/schema.org\",\"@graph\":[{\"@type\":\"WebPage\",\"@id\":\"https:\\\/\\\/argotydiazabogados.com\\\/derecho-laboral-empresarial\\\/\",\"url\":\"https:\\\/\\\/argotydiazabogados.com\\\/derecho-laboral-empresarial\\\/\",\"name\":\"DERECHO LABORAL - EMPRESARIAL - Argoty Diaz Abogados\",\"isPartOf\":{\"@id\":\"https:\\\/\\\/argotydiazabogados.com\\\/#website\"},\"primaryImageOfPage\":{\"@id\":\"https:\\\/\\\/argotydiazabogados.com\\\/derecho-laboral-empresarial\\\/#primaryimage\"},\"image\":{\"@id\":\"https:\\\/\\\/argotydiazabogados.com\\\/derecho-laboral-empresarial\\\/#primaryimage\"},\"thumbnailUrl\":\"http:\\\/\\\/argotydiazabogados.com\\\/wp-content\\\/uploads\\\/2021\\\/12\\\/argoty-1024x683.jpg\",\"datePublished\":\"2022-01-01T01:52:31+00:00\",\"dateModified\":\"2022-02-01T01:55:01+00:00\",\"breadcrumb\":{\"@id\":\"https:\\\/\\\/argotydiazabogados.com\\\/derecho-laboral-empresarial\\\/#breadcrumb\"},\"inLanguage\":\"en-US\",\"potentialAction\":[{\"@type\":\"ReadAction\",\"target\":[\"https:\\\/\\\/argotydiazabogados.com\\\/derecho-laboral-empresarial\\\/\"]}]},{\"@type\":\"ImageObject\",\"inLanguage\":\"en-US\",\"@id\":\"https:\\\/\\\/argotydiazabogados.com\\\/derecho-laboral-empresarial\\\/#primaryimage\",\"url\":\"http:\\\/\\\/argotydiazabogados.com\\\/wp-content\\\/uploads\\\/2021\\\/12\\\/argoty-1024x683.jpg\",\"contentUrl\":\"http:\\\/\\\/argotydiazabogados.com\\\/wp-content\\\/uploads\\\/2021\\\/12\\\/argoty-1024x683.jpg\"},{\"@type\":\"BreadcrumbList\",\"@id\":\"https:\\\/\\\/argotydiazabogados.com\\\/derecho-laboral-empresarial\\\/#breadcrumb\",\"itemListElement\":[{\"@type\":\"ListItem\",\"position\":1,\"name\":\"Portada\",\"item\":\"https:\\\/\\\/argotydiazabogados.com\\\/\"},{\"@type\":\"ListItem\",\"position\":2,\"name\":\"DERECHO LABORAL &#8211; EMPRESARIAL\"}]},{\"@type\":\"WebSite\",\"@id\":\"https:\\\/\\\/argotydiazabogados.com\\\/#website\",\"url\":\"https:\\\/\\\/argotydiazabogados.com\\\/\",\"name\":\"Argoty Diaz Abogados\",\"description\":\"Firma de Abogados\",\"potentialAction\":[{\"@type\":\"SearchAction\",\"target\":{\"@type\":\"EntryPoint\",\"urlTemplate\":\"https:\\\/\\\/argotydiazabogados.com\\\/?s={search_term_string}\"},\"query-input\":{\"@type\":\"PropertyValueSpecification\",\"valueRequired\":true,\"valueName\":\"search_term_string\"}}],\"inLanguage\":\"en-US\"}]}<\/script>\n<!-- \/ Yoast SEO plugin. -->","yoast_head_json":{"title":"DERECHO LABORAL - EMPRESARIAL - Argoty Diaz Abogados","robots":{"index":"index","follow":"follow","max-snippet":"max-snippet:-1","max-image-preview":"max-image-preview:large","max-video-preview":"max-video-preview:-1"},"canonical":"https:\/\/argotydiazabogados.com\/en\/derecho-laboral-empresarial\/","og_locale":"en_US","og_type":"article","og_title":"DERECHO LABORAL - EMPRESARIAL - Argoty Diaz Abogados","og_description":"DERECHO LABORAL EMPRESARIAL Nuestro grupo de trabajo profesional est\u00e1 en la capacidad de asesorar a su empresa en: \u00a0 Estudio y adecuaci\u00f3n modelos de Contratos de trabajo empleados en la compa\u00f1\u00eda. Afiliaci\u00f3n de trabajadores al sistema de seguridad social Revisi\u00f3n y adecuaci\u00f3n del Reglamento Interno de Trabajo y Reglamento de Higiene y Seguridad Industrial. Evaluaci\u00f3n&hellip;&nbsp;Read More &raquo;DERECHO LABORAL &#8211; EMPRESARIAL","og_url":"https:\/\/argotydiazabogados.com\/en\/derecho-laboral-empresarial\/","og_site_name":"Argoty Diaz Abogados","article_modified_time":"2022-02-01T01:55:01+00:00","og_image":[{"url":"http:\/\/argotydiazabogados.com\/wp-content\/uploads\/2021\/12\/argoty-1024x683.jpg","type":"","width":"","height":""}],"twitter_card":"summary_large_image","twitter_misc":{"Est. reading time":"1 minute"},"schema":{"@context":"https:\/\/schema.org","@graph":[{"@type":"WebPage","@id":"https:\/\/argotydiazabogados.com\/derecho-laboral-empresarial\/","url":"https:\/\/argotydiazabogados.com\/derecho-laboral-empresarial\/","name":"DERECHO LABORAL - EMPRESARIAL - Argoty Diaz Abogados","isPartOf":{"@id":"https:\/\/argotydiazabogados.com\/#website"},"primaryImageOfPage":{"@id":"https:\/\/argotydiazabogados.com\/derecho-laboral-empresarial\/#primaryimage"},"image":{"@id":"https:\/\/argotydiazabogados.com\/derecho-laboral-empresarial\/#primaryimage"},"thumbnailUrl":"http:\/\/argotydiazabogados.com\/wp-content\/uploads\/2021\/12\/argoty-1024x683.jpg","datePublished":"2022-01-01T01:52:31+00:00","dateModified":"2022-02-01T01:55:01+00:00","breadcrumb":{"@id":"https:\/\/argotydiazabogados.com\/derecho-laboral-empresarial\/#breadcrumb"},"inLanguage":"en-US","potentialAction":[{"@type":"ReadAction","target":["https:\/\/argotydiazabogados.com\/derecho-laboral-empresarial\/"]}]},{"@type":"ImageObject","inLanguage":"en-US","@id":"https:\/\/argotydiazabogados.com\/derecho-laboral-empresarial\/#primaryimage","url":"http:\/\/argotydiazabogados.com\/wp-content\/uploads\/2021\/12\/argoty-1024x683.jpg","contentUrl":"http:\/\/argotydiazabogados.com\/wp-content\/uploads\/2021\/12\/argoty-1024x683.jpg"},{"@type":"BreadcrumbList","@id":"https:\/\/argotydiazabogados.com\/derecho-laboral-empresarial\/#breadcrumb","itemListElement":[{"@type":"ListItem","position":1,"name":"Portada","item":"https:\/\/argotydiazabogados.com\/"},{"@type":"ListItem","position":2,"name":"DERECHO LABORAL &#8211; EMPRESARIAL"}]},{"@type":"WebSite","@id":"https:\/\/argotydiazabogados.com\/#website","url":"https:\/\/argotydiazabogados.com\/","name":"Argoty Diaz Abogados","description":"Firma de Abogados","potentialAction":[{"@type":"SearchAction","target":{"@type":"EntryPoint","urlTemplate":"https:\/\/argotydiazabogados.com\/?s={search_term_string}"},"query-input":{"@type":"PropertyValueSpecification","valueRequired":true,"valueName":"search_term_string"}}],"inLanguage":"en-US"}]}},"_links":{"self":[{"href":"https:\/\/argotydiazabogados.com\/en\/wp-json\/wp\/v2\/pages\/506","targetHints":{"allow":["GET"]}}],"collection":[{"href":"https:\/\/argotydiazabogados.com\/en\/wp-json\/wp\/v2\/pages"}],"about":[{"href":"https:\/\/argotydiazabogados.com\/en\/wp-json\/wp\/v2\/types\/page"}],"author":[{"embeddable":true,"href":"https:\/\/argotydiazabogados.com\/en\/wp-json\/wp\/v2\/users\/1"}],"replies":[{"embeddable":true,"href":"https:\/\/argotydiazabogados.com\/en\/wp-json\/wp\/v2\/comments?post=506"}],"version-history":[{"count":3,"href":"https:\/\/argotydiazabogados.com\/en\/wp-json\/wp\/v2\/pages\/506\/revisions"}],"predecessor-version":[{"id":511,"href":"https:\/\/argotydiazabogados.com\/en\/wp-json\/wp\/v2\/pages\/506\/revisions\/511"}],"wp:attachment":[{"href":"https:\/\/argotydiazabogados.com\/en\/wp-json\/wp\/v2\/media?parent=506"}],"curies":[{"name":"wp","href":"https:\/\/api.w.org\/{rel}","templated":true}]}}